{"id":27619,"date":"2026-08-25T14:17:34","date_gmt":"2026-08-25T19:17:34","guid":{"rendered":"https:\/\/espacecabdeco.ca\/product\/uncategorized\/ikon-twist-875\/"},"modified":"2026-08-25T14:32:51","modified_gmt":"2026-08-25T19:32:51","slug":"ikon-twist-875","status":"publish","type":"product","link":"https:\/\/espacecabdeco.ca\/en\/product\/tables\/bases\/ikon-twist-875\/","title":{"rendered":"Ikon twist 875"},"content":{"rendered":"<p>Ikon twist 875 by Pedrali. \u00a0The cone-shaped base is wrapped with a \u00d8 25 mm polypropylene rope, designed to withstand outdoor conditions while maintaining its aesthetic and performance over time. The base can be combined with tops in different materials and finishes, offering a wide range of customisation options.<\/p>\n<p>Suitable for outdoor use.<\/p>\n<p>&nbsp;<\/p>\n","protected":false},"excerpt":{"rendered":"<p>Ikon twist 875 by Pedrali &#8211; Cone-shaped table base. Made in Italy. Suitable for outdoor use. Discover commercial and residential furniture in Montreal.<\/p>\n","protected":false},"featured_media":27618,"template":"","meta":{"_acf_changed":false},"collection":[3090,3103],"product_cat":[3011,2906,3024,3017,146],"product_tag":[],"specifications":[140],"back-finishes":[],"frame-finishes":[3167],"public-seating":[],"seat-finishes":[],"class_list":{"0":"post-27619","1":"product","2":"type-product","3":"status-publish","4":"has-post-thumbnail","6":"collection-ikon","7":"collection-new","8":"product_cat-bases","9":"product_cat-outdoor","10":"product_cat-outdoor-tables","11":"product_cat-standard-tables","12":"product_cat-tables","13":"specifications-specifications-outdoor","14":"frame-finishes-corde","16":"first","17":"instock","18":"shipping-taxable","19":"product-type-simple"},"acf":[],"yoast_head":"<!-- This site is optimized with the Yoast SEO plugin v27.4 - https:\/\/yoast.com\/product\/yoast-seo-wordpress\/ -->\n<title>Ikon twist 875 - Espace Cabd\u00e9co - Commercial and Residential Furniture<\/title>\n<meta name=\"description\" content=\"Ikon twist 875 by Pedrali - Cone-shaped table base. Made in Italy. Suitable for outdoor use. Discover commercial and residential furniture in Montreal.\" \/>\n<meta name=\"robots\" content=\"index, follow, max-snippet:-1, max-image-preview:large, max-video-preview:-1\" \/>\n<link rel=\"canonical\" href=\"https:\/\/espacecabdeco.ca\/en\/product\/tables\/bases\/ikon-twist-875\/\" \/>\n<meta property=\"og:locale\" content=\"en_US\" \/>\n<meta property=\"og:type\" content=\"article\" \/>\n<meta property=\"og:title\" content=\"Ikon twist 875 - Espace Cabd\u00e9co - Commercial and Residential Furniture\" \/>\n<meta property=\"og:description\" content=\"Ikon twist 875 by Pedrali - Cone-shaped table base. Made in Italy. Suitable for outdoor use. Discover commercial and residential furniture in Montreal.\" \/>\n<meta property=\"og:url\" content=\"https:\/\/espacecabdeco.ca\/en\/product\/tables\/bases\/ikon-twist-875\/\" \/>\n<meta property=\"og:site_name\" content=\"Espace Cabd\u00e9co\" \/>\n<meta property=\"article:publisher\" content=\"https:\/\/www.facebook.com\/CAB-D%c3%a9co-626681560734273\/\" \/>\n<meta property=\"article:modified_time\" content=\"2026-08-25T19:32:51+00:00\" \/>\n<meta property=\"og:image\" content=\"https:\/\/espacecabdeco.ca\/wp-content\/uploads\/2026\/08\/ikon-twist-875-still-01-1.jpg\" \/>\n\t<meta property=\"og:image:width\" content=\"1304\" \/>\n\t<meta property=\"og:image:height\" content=\"1098\" \/>\n\t<meta property=\"og:image:type\" content=\"image\/jpeg\" \/>\n<meta name=\"twitter:card\" content=\"summary_large_image\" \/>\n<meta name=\"twitter:site\" content=\"@cabdeco\" \/>\n<meta name=\"twitter:label1\" content=\"Est. reading time\" \/>\n\t<meta name=\"twitter:data1\" content=\"1 minute\" \/>\n<script type=\"application\/ld+json\" class=\"yoast-schema-graph\">{\"@context\":\"https:\\\/\\\/schema.org\",\"@graph\":[{\"@type\":\"WebPage\",\"@id\":\"https:\\\/\\\/espacecabdeco.ca\\\/en\\\/product\\\/tables\\\/bases\\\/ikon-twist-875\\\/\",\"url\":\"https:\\\/\\\/espacecabdeco.ca\\\/en\\\/product\\\/tables\\\/bases\\\/ikon-twist-875\\\/\",\"name\":\"Ikon twist 875 - Espace Cabd\u00e9co - Commercial and Residential Furniture\",\"isPartOf\":{\"@id\":\"https:\\\/\\\/espacecabdeco.ca\\\/en\\\/#website\"},\"primaryImageOfPage\":{\"@id\":\"https:\\\/\\\/espacecabdeco.ca\\\/en\\\/product\\\/tables\\\/bases\\\/ikon-twist-875\\\/#primaryimage\"},\"image\":{\"@id\":\"https:\\\/\\\/espacecabdeco.ca\\\/en\\\/product\\\/tables\\\/bases\\\/ikon-twist-875\\\/#primaryimage\"},\"thumbnailUrl\":\"https:\\\/\\\/espacecabdeco.ca\\\/wp-content\\\/uploads\\\/2026\\\/08\\\/ikon-twist-875-still-01-1.jpg\",\"datePublished\":\"2026-08-25T19:17:34+00:00\",\"dateModified\":\"2026-08-25T19:32:51+00:00\",\"description\":\"Ikon twist 875 by Pedrali - Cone-shaped table base. Made in Italy. Suitable for outdoor use. Discover commercial and residential furniture in Montreal.\",\"breadcrumb\":{\"@id\":\"https:\\\/\\\/espacecabdeco.ca\\\/en\\\/product\\\/tables\\\/bases\\\/ikon-twist-875\\\/#breadcrumb\"},\"inLanguage\":\"en-CA\",\"potentialAction\":[{\"@type\":\"ReadAction\",\"target\":[\"https:\\\/\\\/espacecabdeco.ca\\\/en\\\/product\\\/tables\\\/bases\\\/ikon-twist-875\\\/\"]}]},{\"@type\":\"ImageObject\",\"inLanguage\":\"en-CA\",\"@id\":\"https:\\\/\\\/espacecabdeco.ca\\\/en\\\/product\\\/tables\\\/bases\\\/ikon-twist-875\\\/#primaryimage\",\"url\":\"https:\\\/\\\/espacecabdeco.ca\\\/wp-content\\\/uploads\\\/2026\\\/08\\\/ikon-twist-875-still-01-1.jpg\",\"contentUrl\":\"https:\\\/\\\/espacecabdeco.ca\\\/wp-content\\\/uploads\\\/2026\\\/08\\\/ikon-twist-875-still-01-1.jpg\",\"width\":1304,\"height\":1098},{\"@type\":\"BreadcrumbList\",\"@id\":\"https:\\\/\\\/espacecabdeco.ca\\\/en\\\/product\\\/tables\\\/bases\\\/ikon-twist-875\\\/#breadcrumb\",\"itemListElement\":[{\"@type\":\"ListItem\",\"position\":1,\"name\":\"Home\",\"item\":\"https:\\\/\\\/espacecabdeco.ca\\\/en\\\/\"},{\"@type\":\"ListItem\",\"position\":2,\"name\":\"Products\",\"item\":\"https:\\\/\\\/espacecabdeco.ca\\\/en\\\/shop\\\/\"},{\"@type\":\"ListItem\",\"position\":3,\"name\":\"Exterior\",\"item\":\"https:\\\/\\\/espacecabdeco.ca\\\/en\\\/product-category\\\/outdoor\\\/\"},{\"@type\":\"ListItem\",\"position\":4,\"name\":\"Ikon twist 875\"}]},{\"@type\":\"WebSite\",\"@id\":\"https:\\\/\\\/espacecabdeco.ca\\\/en\\\/#website\",\"url\":\"https:\\\/\\\/espacecabdeco.ca\\\/en\\\/\",\"name\":\"Espace Cabd\u00e9co\",\"description\":\"Mobilier commercial et r\u00e9sidentiel \u00e0 Montr\u00e9al\",\"publisher\":{\"@id\":\"https:\\\/\\\/espacecabdeco.ca\\\/en\\\/#organization\"},\"potentialAction\":[{\"@type\":\"SearchAction\",\"target\":{\"@type\":\"EntryPoint\",\"urlTemplate\":\"https:\\\/\\\/espacecabdeco.ca\\\/en\\\/?s={search_term_string}\"},\"query-input\":{\"@type\":\"PropertyValueSpecification\",\"valueRequired\":true,\"valueName\":\"search_term_string\"}}],\"inLanguage\":\"en-CA\"},{\"@type\":\"Organization\",\"@id\":\"https:\\\/\\\/espacecabdeco.ca\\\/en\\\/#organization\",\"name\":\"Espace Cabd\u00e9co\",\"url\":\"https:\\\/\\\/espacecabdeco.ca\\\/en\\\/\",\"logo\":{\"@type\":\"ImageObject\",\"inLanguage\":\"en-CA\",\"@id\":\"https:\\\/\\\/espacecabdeco.ca\\\/en\\\/#\\\/schema\\\/logo\\\/image\\\/\",\"url\":\"https:\\\/\\\/espacecabdeco.ca\\\/wp-content\\\/uploads\\\/2026\\\/03\\\/logo-espace-cabdeco.svg\",\"contentUrl\":\"https:\\\/\\\/espacecabdeco.ca\\\/wp-content\\\/uploads\\\/2026\\\/03\\\/logo-espace-cabdeco.svg\",\"caption\":\"Espace Cabd\u00e9co\"},\"image\":{\"@id\":\"https:\\\/\\\/espacecabdeco.ca\\\/en\\\/#\\\/schema\\\/logo\\\/image\\\/\"},\"sameAs\":[\"https:\\\/\\\/www.facebook.com\\\/CAB-D\u00e9co-626681560734273\\\/\",\"https:\\\/\\\/x.com\\\/cabdeco\",\"http:\\\/\\\/instagram.com\\\/cabdeco\",\"https:\\\/\\\/www.linkedin.com\\\/company\\\/c-a-b-deco\",\"https:\\\/\\\/www.pinterest.com\\\/cabdeco\\\/\"]}]}<\/script>\n<!-- \/ Yoast SEO plugin. -->","yoast_head_json":{"title":"Ikon twist 875 - Espace Cabd\u00e9co - Commercial and Residential Furniture","description":"Ikon twist 875 by Pedrali - Cone-shaped table base. Made in Italy. Suitable for outdoor use. Discover commercial and residential furniture in Montreal.","robots":{"index":"index","follow":"follow","max-snippet":"max-snippet:-1","max-image-preview":"max-image-preview:large","max-video-preview":"max-video-preview:-1"},"canonical":"https:\/\/espacecabdeco.ca\/en\/product\/tables\/bases\/ikon-twist-875\/","og_locale":"en_US","og_type":"article","og_title":"Ikon twist 875 - Espace Cabd\u00e9co - Commercial and Residential Furniture","og_description":"Ikon twist 875 by Pedrali - Cone-shaped table base. Made in Italy. Suitable for outdoor use. Discover commercial and residential furniture in Montreal.","og_url":"https:\/\/espacecabdeco.ca\/en\/product\/tables\/bases\/ikon-twist-875\/","og_site_name":"Espace Cabd\u00e9co","article_publisher":"https:\/\/www.facebook.com\/CAB-D%c3%a9co-626681560734273\/","article_modified_time":"2026-08-25T19:32:51+00:00","og_image":[{"width":1304,"height":1098,"url":"https:\/\/espacecabdeco.ca\/wp-content\/uploads\/2026\/08\/ikon-twist-875-still-01-1.jpg","type":"image\/jpeg"}],"twitter_card":"summary_large_image","twitter_site":"@cabdeco","twitter_misc":{"Est. reading time":"1 minute"},"schema":{"@context":"https:\/\/schema.org","@graph":[{"@type":"WebPage","@id":"https:\/\/espacecabdeco.ca\/en\/product\/tables\/bases\/ikon-twist-875\/","url":"https:\/\/espacecabdeco.ca\/en\/product\/tables\/bases\/ikon-twist-875\/","name":"Ikon twist 875 - Espace Cabd\u00e9co - Commercial and Residential Furniture","isPartOf":{"@id":"https:\/\/espacecabdeco.ca\/en\/#website"},"primaryImageOfPage":{"@id":"https:\/\/espacecabdeco.ca\/en\/product\/tables\/bases\/ikon-twist-875\/#primaryimage"},"image":{"@id":"https:\/\/espacecabdeco.ca\/en\/product\/tables\/bases\/ikon-twist-875\/#primaryimage"},"thumbnailUrl":"https:\/\/espacecabdeco.ca\/wp-content\/uploads\/2026\/08\/ikon-twist-875-still-01-1.jpg","datePublished":"2026-08-25T19:17:34+00:00","dateModified":"2026-08-25T19:32:51+00:00","description":"Ikon twist 875 by Pedrali - Cone-shaped table base. Made in Italy. Suitable for outdoor use. Discover commercial and residential furniture in Montreal.","breadcrumb":{"@id":"https:\/\/espacecabdeco.ca\/en\/product\/tables\/bases\/ikon-twist-875\/#breadcrumb"},"inLanguage":"en-CA","potentialAction":[{"@type":"ReadAction","target":["https:\/\/espacecabdeco.ca\/en\/product\/tables\/bases\/ikon-twist-875\/"]}]},{"@type":"ImageObject","inLanguage":"en-CA","@id":"https:\/\/espacecabdeco.ca\/en\/product\/tables\/bases\/ikon-twist-875\/#primaryimage","url":"https:\/\/espacecabdeco.ca\/wp-content\/uploads\/2026\/08\/ikon-twist-875-still-01-1.jpg","contentUrl":"https:\/\/espacecabdeco.ca\/wp-content\/uploads\/2026\/08\/ikon-twist-875-still-01-1.jpg","width":1304,"height":1098},{"@type":"BreadcrumbList","@id":"https:\/\/espacecabdeco.ca\/en\/product\/tables\/bases\/ikon-twist-875\/#breadcrumb","itemListElement":[{"@type":"ListItem","position":1,"name":"Home","item":"https:\/\/espacecabdeco.ca\/en\/"},{"@type":"ListItem","position":2,"name":"Products","item":"https:\/\/espacecabdeco.ca\/en\/shop\/"},{"@type":"ListItem","position":3,"name":"Exterior","item":"https:\/\/espacecabdeco.ca\/en\/product-category\/outdoor\/"},{"@type":"ListItem","position":4,"name":"Ikon twist 875"}]},{"@type":"WebSite","@id":"https:\/\/espacecabdeco.ca\/en\/#website","url":"https:\/\/espacecabdeco.ca\/en\/","name":"Espace Cabd\u00e9co","description":"Mobilier commercial et r\u00e9sidentiel \u00e0 Montr\u00e9al","publisher":{"@id":"https:\/\/espacecabdeco.ca\/en\/#organization"},"potentialAction":[{"@type":"SearchAction","target":{"@type":"EntryPoint","urlTemplate":"https:\/\/espacecabdeco.ca\/en\/?s={search_term_string}"},"query-input":{"@type":"PropertyValueSpecification","valueRequired":true,"valueName":"search_term_string"}}],"inLanguage":"en-CA"},{"@type":"Organization","@id":"https:\/\/espacecabdeco.ca\/en\/#organization","name":"Espace Cabd\u00e9co","url":"https:\/\/espacecabdeco.ca\/en\/","logo":{"@type":"ImageObject","inLanguage":"en-CA","@id":"https:\/\/espacecabdeco.ca\/en\/#\/schema\/logo\/image\/","url":"https:\/\/espacecabdeco.ca\/wp-content\/uploads\/2026\/03\/logo-espace-cabdeco.svg","contentUrl":"https:\/\/espacecabdeco.ca\/wp-content\/uploads\/2026\/03\/logo-espace-cabdeco.svg","caption":"Espace Cabd\u00e9co"},"image":{"@id":"https:\/\/espacecabdeco.ca\/en\/#\/schema\/logo\/image\/"},"sameAs":["https:\/\/www.facebook.com\/CAB-D\u00e9co-626681560734273\/","https:\/\/x.com\/cabdeco","http:\/\/instagram.com\/cabdeco","https:\/\/www.linkedin.com\/company\/c-a-b-deco","https:\/\/www.pinterest.com\/cabdeco\/"]}]}},"_links":{"self":[{"href":"https:\/\/espacecabdeco.ca\/en\/wp-json\/wp\/v2\/product\/27619","targetHints":{"allow":["GET"]}}],"collection":[{"href":"https:\/\/espacecabdeco.ca\/en\/wp-json\/wp\/v2\/product"}],"about":[{"href":"https:\/\/espacecabdeco.ca\/en\/wp-json\/wp\/v2\/types\/product"}],"wp:featuredmedia":[{"embeddable":true,"href":"https:\/\/espacecabdeco.ca\/en\/wp-json\/wp\/v2\/media\/27618"}],"wp:attachment":[{"href":"https:\/\/espacecabdeco.ca\/en\/wp-json\/wp\/v2\/media?parent=27619"}],"wp:term":[{"taxonomy":"collection","embeddable":true,"href":"https:\/\/espacecabdeco.ca\/en\/wp-json\/wp\/v2\/collection?post=27619"},{"taxonomy":"product_cat","embeddable":true,"href":"https:\/\/espacecabdeco.ca\/en\/wp-json\/wp\/v2\/product_cat?post=27619"},{"taxonomy":"product_tag","embeddable":true,"href":"https:\/\/espacecabdeco.ca\/en\/wp-json\/wp\/v2\/product_tag?post=27619"},{"taxonomy":"specifications","embeddable":true,"href":"https:\/\/espacecabdeco.ca\/en\/wp-json\/wp\/v2\/specifications?post=27619"},{"taxonomy":"back-finishes","embeddable":true,"href":"https:\/\/espacecabdeco.ca\/en\/wp-json\/wp\/v2\/back-finishes?post=27619"},{"taxonomy":"frame-finishes","embeddable":true,"href":"https:\/\/espacecabdeco.ca\/en\/wp-json\/wp\/v2\/frame-finishes?post=27619"},{"taxonomy":"public-seating","embeddable":true,"href":"https:\/\/espacecabdeco.ca\/en\/wp-json\/wp\/v2\/public-seating?post=27619"},{"taxonomy":"seat-finishes","embeddable":true,"href":"https:\/\/espacecabdeco.ca\/en\/wp-json\/wp\/v2\/seat-finishes?post=27619"}],"curies":[{"name":"wp","href":"https:\/\/api.w.org\/{rel}","templated":true}]}}